{"id":14186,"date":"2024-02-16T15:42:23","date_gmt":"2024-02-16T14:42:23","guid":{"rendered":"https:\/\/nicolashodee.com\/itinerancia-en-el-vercors-la-exposicion\/"},"modified":"2024-05-22T16:26:49","modified_gmt":"2024-05-22T14:26:49","slug":"itinerancia-en-el-vercors-la-exposicion","status":"publish","type":"page","link":"https:\/\/nicolashodee.com\/es\/itinerancia-en-el-vercors-la-exposicion\/","title":{"rendered":"Itinerancia en el Vercors &#8211; la exposici\u00f3n"},"content":{"rendered":"[vc_row type=\u00bbfull_width_background\u00bb full_screen_row_position=\u00bbmiddle\u00bb column_margin=\u00bbdefault\u00bb column_direction=\u00bbdefault\u00bb column_direction_tablet=\u00bbdefault\u00bb column_direction_phone=\u00bbdefault\u00bb bg_image=\u00bb9923&#8243; bg_position=\u00bbcenter center\u00bb background_image_loading=\u00bbdefault\u00bb bg_repeat=\u00bbno-repeat\u00bb scene_position=\u00bbcenter\u00bb top_padding=\u00bb13%\u00bb constrain_group_1=\u00bbyes\u00bb bottom_padding=\u00bb13%\u00bb text_color=\u00bblight\u00bb text_align=\u00bbleft\u00bb row_border_radius=\u00bbnone\u00bb row_border_radius_applies=\u00bbbg\u00bb overflow=\u00bbvisible\u00bb color_overlay=\u00bb#0a0a0a\u00bb overlay_strength=\u00bb0.3&#8243; gradient_direction=\u00bbleft_to_right\u00bb shape_divider_position=\u00bbbottom\u00bb bg_image_animation=\u00bbnone\u00bb parallax_bg=\u00bbtrue\u00bb parallax_bg_speed=\u00bbfast\u00bb shape_type=\u00bb\u00bb gradient_type=\u00bbdefault\u00bb][vc_column column_padding=\u00bbno-extra-padding\u00bb column_padding_tablet=\u00bbinherit\u00bb column_padding_phone=\u00bbinherit\u00bb column_padding_position=\u00bball\u00bb column_element_direction_desktop=\u00bbdefault\u00bb column_element_spacing=\u00bbdefault\u00bb centered_text=\u00bbtrue\u00bb desktop_text_alignment=\u00bbdefault\u00bb tablet_text_alignment=\u00bbdefault\u00bb phone_text_alignment=\u00bbdefault\u00bb background_color_opacity=\u00bb1&#8243; background_hover_color_opacity=\u00bb1&#8243; column_backdrop_filter=\u00bbnone\u00bb column_shadow=\u00bbnone\u00bb column_border_radius=\u00bbnone\u00bb column_link_target=\u00bb_self\u00bb column_position=\u00bbdefault\u00bb gradient_direction=\u00bbleft_to_right\u00bb overlay_strength=\u00bb0.3&#8243; width=\u00bb1\/1&#8243; tablet_width_inherit=\u00bbdefault\u00bb animation_type=\u00bbdefault\u00bb bg_image_animation=\u00bbnone\u00bb border_type=\u00bbsimple\u00bb column_border_width=\u00bbnone\u00bb column_border_style=\u00bbsolid\u00bb][split_line_heading animation_type=\u00bbline-reveal-by-space\u00bb font_style=\u00bbh1&#8243; line_reveal_by_space_text_effect=\u00bbdefault\u00bb stagger_animation=\u00bbtrue\u00bb content_alignment=\u00bbdefault\u00bb mobile_content_alignment=\u00bbinherit\u00bb link_target=\u00bb_self\u00bb text_content=\u00bbDe excursi\u00f3n por el Vercors\u00bb text_direction=\u00bbdefault\u00bb][\/split_line_heading][split_line_heading animation_type=\u00bbdefault\u00bb text_direction=\u00bbdefault\u00bb]\n<h6>Exposici\u00f3n de fotograf\u00eda de monta\u00f1a en la Oficina de Turismo de Grenoble<\/h6>\n<p>del 21 de marzo al 31 de mayo de 2024[\/split_line_heading][\/vc_column][\/vc_row][vc_row type=\u00bbfull_width_background\u00bb full_screen_row_position=\u00bbmiddle\u00bb column_margin=\u00bbdefault\u00bb column_direction=\u00bbdefault\u00bb column_direction_tablet=\u00bbdefault\u00bb column_direction_phone=\u00bbdefault\u00bb scene_position=\u00bbcenter\u00bb text_color=\u00bblight\u00bb text_align=\u00bbleft\u00bb row_border_radius=\u00bbnone\u00bb row_border_radius_applies=\u00bbbg\u00bb overflow=\u00bbvisible\u00bb overlay_strength=\u00bb0.3&#8243; gradient_direction=\u00bbleft_to_right\u00bb enable_shape_divider=\u00bbtrue\u00bb shape_divider_color=\u00bb#ffffff\u00bb shape_divider_position=\u00bbbottom\u00bb shape_divider_height=\u00bb5%\u00bb bg_image_animation=\u00bbnone\u00bb shape_type=\u00bbstraight_section\u00bb gradient_type=\u00bbdefault\u00bb][vc_column column_padding=\u00bbno-extra-padding\u00bb column_padding_tablet=\u00bbinherit\u00bb column_padding_phone=\u00bbinherit\u00bb column_padding_position=\u00bball\u00bb top_margin=\u00bb-7%\u00bb column_element_direction_desktop=\u00bbdefault\u00bb column_element_spacing=\u00bbdefault\u00bb desktop_text_alignment=\u00bbdefault\u00bb tablet_text_alignment=\u00bbdefault\u00bb phone_text_alignment=\u00bbdefault\u00bb background_color_opacity=\u00bb1&#8243; background_hover_color_opacity=\u00bb1&#8243; column_backdrop_filter=\u00bbnone\u00bb column_shadow=\u00bblarge_depth\u00bb column_border_radius=\u00bbnone\u00bb column_link_target=\u00bb_self\u00bb column_position=\u00bbdefault\u00bb gradient_direction=\u00bbleft_to_right\u00bb overlay_strength=\u00bb0.3&#8243; width=\u00bb1\/1&#8243; tablet_width_inherit=\u00bbdefault\u00bb animation_type=\u00bbdefault\u00bb bg_image_animation=\u00bbnone\u00bb border_type=\u00bbsimple\u00bb column_border_width=\u00bbnone\u00bb column_border_style=\u00bbsolid\u00bb][vc_row_inner equal_height=\u00bbyes\u00bb content_placement=\u00bbmiddle\u00bb column_margin=\u00bbnone\u00bb column_direction=\u00bbdefault\u00bb column_direction_tablet=\u00bbdefault\u00bb column_direction_phone=\u00bbdefault\u00bb text_align=\u00bbleft\u00bb row_position=\u00bbdefault\u00bb row_position_tablet=\u00bbinherit\u00bb row_position_phone=\u00bbinherit\u00bb overflow=\u00bbvisible\u00bb pointer_events=\u00bball\u00bb id=\u00bbabout\u00bb css=\u00bb.vc_custom_1486684329109{background-color: #ffffff !important;}\u00bb][vc_column_inner column_padding=\u00bbpadding-7-percent\u00bb column_padding_tablet=\u00bbinherit\u00bb column_padding_phone=\u00bbinherit\u00bb column_padding_position=\u00bball\u00bb column_element_direction_desktop=\u00bbdefault\u00bb column_element_spacing=\u00bbdefault\u00bb desktop_text_alignment=\u00bbdefault\u00bb tablet_text_alignment=\u00bbdefault\u00bb phone_text_alignment=\u00bbdefault\u00bb background_color=\u00bb#020000&#8243; background_color_opacity=\u00bb0.7&#8243; background_hover_color_opacity=\u00bb1&#8243; background_image=\u00bb9908&#8243; background_image_position=\u00bbcenter center\u00bb background_image_stacking=\u00bbdefault\u00bb enable_bg_scale=\u00bbtrue\u00bb background_image_loading=\u00bbdefault\u00bb column_backdrop_filter=\u00bbnone\u00bb column_shadow=\u00bbnone\u00bb column_border_radius=\u00bbnone\u00bb column_link_target=\u00bb_self\u00bb overflow=\u00bbvisible\u00bb gradient_direction=\u00bbleft_to_right\u00bb overlay_strength=\u00bb0.3&#8243; width=\u00bb1\/2&#8243; tablet_width_inherit=\u00bbdefault\u00bb animation_type=\u00bbdefault\u00bb bg_image_animation=\u00bbnone\u00bb border_type=\u00bbsimple\u00bb column_border_width=\u00bbnone\u00bb column_border_style=\u00bbsolid\u00bb column_padding_type=\u00bbdefault\u00bb gradient_type=\u00bbdefault\u00bb][vc_column_text text_direction=\u00bbdefault\u00bb]\n<h2>\u00a1Al altiplano!<\/h2>\n[\/vc_column_text][vc_column_text css=\u00bb.vc_custom_1710926700776{margin-top: 40px !important;}\u00bb text_direction=\u00bbdefault\u00bb]La exposici\u00f3n Itin\u00e9rance en Vercors (Itinerancia por el Vercors) es ante todo la historia de una historia de amor que mantengo desde 2015 con esta tierra alta que es el Vercors, situada en la avanzadilla de los Alpes, ba\u00f1ada en claroscuro y monocrom\u00eda, entre llanuras apacibles y acantilados afilados, entre climas del Dauphin\u00e9 y mediterr\u00e1neos.<\/p>\n<p>Esta primera exposici\u00f3n me brinda la oportunidad de rendir homenaje al esplendor de los espacios naturales, de compartir los preciosos momentos de una vida bien vivida, ya sea en compa\u00f1\u00eda de amigos o en solitario, y de inspirar a todo el mundo a explorar los paisajes que he descubierto durante mis vivacs y mis despertares de madrugada.<\/p>\n<p>\u00a1Disfruta de tu visita![\/vc_column_text][\/vc_column_inner][vc_column_inner column_padding=\u00bbpadding-5-percent\u00bb column_padding_tablet=\u00bbinherit\u00bb column_padding_phone=\u00bbinherit\u00bb column_padding_position=\u00bball\u00bb column_element_direction_desktop=\u00bbdefault\u00bb column_element_spacing=\u00bbdefault\u00bb desktop_text_alignment=\u00bbdefault\u00bb tablet_text_alignment=\u00bbdefault\u00bb phone_text_alignment=\u00bbdefault\u00bb background_color_opacity=\u00bb1&#8243; background_hover_color_opacity=\u00bb1&#8243; background_image=\u00bb9932&#8243; background_image_position=\u00bbcenter center\u00bb background_image_stacking=\u00bbdefault\u00bb enable_bg_scale=\u00bbtrue\u00bb background_image_loading=\u00bbdefault\u00bb column_backdrop_filter=\u00bbnone\u00bb column_shadow=\u00bbnone\u00bb column_border_radius=\u00bbnone\u00bb column_link_target=\u00bb_self\u00bb overflow=\u00bbvisible\u00bb gradient_direction=\u00bbleft_to_right\u00bb overlay_strength=\u00bb0.3&#8243; width=\u00bb1\/2&#8243; tablet_width_inherit=\u00bbdefault\u00bb animation_type=\u00bbdefault\u00bb bg_image_animation=\u00bbnone\u00bb border_type=\u00bbsimple\u00bb column_border_width=\u00bbnone\u00bb column_border_style=\u00bbsolid\u00bb column_padding_type=\u00bbdefault\u00bb gradient_type=\u00bbdefault\u00bb][divider line_type=\u00bbNo Line\u00bb custom_height=\u00bb200&#8243;][\/vc_column_inner][\/vc_row_inner][vc_row_inner equal_height=\u00bbyes\u00bb content_placement=\u00bbmiddle\u00bb column_margin=\u00bbnone\u00bb column_direction=\u00bbdefault\u00bb column_direction_tablet=\u00bbdefault\u00bb column_direction_phone=\u00bbdefault\u00bb text_align=\u00bbleft\u00bb row_position=\u00bbdefault\u00bb row_position_tablet=\u00bbinherit\u00bb row_position_phone=\u00bbinherit\u00bb overflow=\u00bbvisible\u00bb pointer_events=\u00bball\u00bb][vc_column_inner column_padding=\u00bbno-extra-padding\u00bb column_padding_tablet=\u00bbinherit\u00bb column_padding_phone=\u00bbinherit\u00bb column_padding_position=\u00bball\u00bb column_element_direction_desktop=\u00bbdefault\u00bb column_element_spacing=\u00bbdefault\u00bb desktop_text_alignment=\u00bbdefault\u00bb tablet_text_alignment=\u00bbdefault\u00bb phone_text_alignment=\u00bbdefault\u00bb background_color_opacity=\u00bb1&#8243; background_hover_color_opacity=\u00bb1&#8243; background_image=\u00bb11771&#8243; background_image_position=\u00bbcenter center\u00bb background_image_stacking=\u00bbdefault\u00bb enable_bg_scale=\u00bbtrue\u00bb background_image_loading=\u00bbdefault\u00bb column_backdrop_filter=\u00bbnone\u00bb column_shadow=\u00bbnone\u00bb column_border_radius=\u00bbnone\u00bb column_link_target=\u00bb_self\u00bb overflow=\u00bbvisible\u00bb gradient_direction=\u00bbleft_to_right\u00bb overlay_strength=\u00bb0.3&#8243; width=\u00bb1\/2&#8243; tablet_width_inherit=\u00bbdefault\u00bb animation_type=\u00bbdefault\u00bb bg_image_animation=\u00bbnone\u00bb border_type=\u00bbsimple\u00bb column_border_width=\u00bbnone\u00bb column_border_style=\u00bbsolid\u00bb column_padding_type=\u00bbdefault\u00bb gradient_type=\u00bbdefault\u00bb][divider line_type=\u00bbNo Line\u00bb custom_height=\u00bb400&#8243;][\/vc_column_inner][vc_column_inner column_padding=\u00bbpadding-7-percent\u00bb column_padding_tablet=\u00bbinherit\u00bb column_padding_phone=\u00bbinherit\u00bb column_padding_position=\u00bball\u00bb column_element_direction_desktop=\u00bbdefault\u00bb column_element_spacing=\u00bbdefault\u00bb desktop_text_alignment=\u00bbdefault\u00bb tablet_text_alignment=\u00bbdefault\u00bb phone_text_alignment=\u00bbdefault\u00bb background_color=\u00bb#e9e9e9&#8243; background_color_opacity=\u00bb1&#8243; background_hover_color_opacity=\u00bb1&#8243; column_backdrop_filter=\u00bbnone\u00bb font_color=\u00bb#000000&#8243; column_shadow=\u00bbnone\u00bb column_border_radius=\u00bbnone\u00bb column_link_target=\u00bb_self\u00bb overflow=\u00bbvisible\u00bb gradient_direction=\u00bbleft_to_right\u00bb overlay_strength=\u00bb0.3&#8243; width=\u00bb1\/2&#8243; tablet_width_inherit=\u00bbdefault\u00bb animation_type=\u00bbdefault\u00bb bg_image_animation=\u00bbnone\u00bb border_type=\u00bbsimple\u00bb column_border_width=\u00bbnone\u00bb column_border_style=\u00bbsolid\u00bb][vc_column_text max_width=\u00bb350&#8243; text_direction=\u00bbdefault\u00bb css=\u00bb.vc_custom_1710353327737{padding-bottom: 25px !important;}\u00bb]\n<h2>Informaci\u00f3n pr\u00e1ctica<\/h2>\n[\/vc_column_text]<div class=\"nectar-fancy-ul\" data-list-icon=\"icon-salient-thin-line\" data-animation=\"false\" data-animation-delay=\"0\" data-color=\"accent-color\" data-spacing=\"default\" data-alignment=\"left\"> \n<ul>\n<li><strong>Fechas: <\/strong>del 21 de marzo al 31 de mayo de 2024<\/li>\n<li><strong>Direcci\u00f3n:<\/strong> 14 rue de la r\u00e9publique, 38000, Grenoble, en el vest\u00edbulo.<\/li>\n<\/ul>\n <\/div>[split_line_heading animation_type=\u00bbline-reveal-by-space\u00bb font_style=\u00bbh3&#8243; line_reveal_by_space_text_effect=\u00bbdefault\u00bb content_alignment=\u00bbdefault\u00bb mobile_content_alignment=\u00bbinherit\u00bb link_target=\u00bb_self\u00bb text_content=\u00bbHorario\u00bb text_direction=\u00bbdefault\u00bb][\/split_line_heading]<div class=\"nectar-fancy-ul\" data-list-icon=\"icon-salient-thin-line\" data-animation=\"false\" data-animation-delay=\"0\" data-color=\"accent-color\" data-spacing=\"default\" data-alignment=\"left\"> \n<ul>\n<li><strong>Lunes: <\/strong>de 13:00 a 18:00<\/li>\n<li>De <strong>martes a s\u00e1bado:<\/strong> de 10:00 a 13:00 y de 14:00 a 18:00<\/li>\n<li><strong>Domingo:<\/strong> cerrado<\/li>\n<\/ul>\n <\/div>[nectar_badge display_tag=\u00bbbody\u00bb badge_style=\u00bbdefault\u00bb bg_color_type=\u00bbglobal\u00bb color=\u00bbaccent-color\u00bb padding=\u00bblarge\u00bb border_radius=\u00bb0px\u00bb display=\u00bbblock\u00bb text=\u00bb\u00a1Inauguraci\u00f3n el s\u00e1bado 23 de marzo de 11 a 13 h \u2728\ud83c\udf79 !\u00bb][nectar_cta btn_style=\u00bbsee-through\u00bb heading_tag=\u00bbh5&#8243; button_color=\u00bbdefault\u00bb text_color=\u00bb#000000&#8243; button_border_thickness=\u00bb0px\u00bb link_type=\u00bbnew_tab\u00bb alignment=\u00bbleft\u00bb alignment_tablet=\u00bbdefault\u00bb alignment_phone=\u00bbdefault\u00bb display=\u00bbblock\u00bb display_tablet=\u00bbinherit\u00bb display_phone=\u00bbinherit\u00bb link_text=\u00bbSitio web de informaci\u00f3n tur\u00edstica\u00bb url=\u00bbhttps:\/\/www.grenoble-tourisme.com\/fr\/decouvrir\/evenements\/agenda\/detail\/expositions\/grenoble-6454071\/exposition-photo-itinerance-en-vercors-par-nicolas-hodee-6837715\/\u00bb][\/vc_column_inner][\/vc_row_inner][\/vc_column][\/vc_row][vc_row type=\u00bbfull_width_background\u00bb full_screen_row_position=\u00bbmiddle\u00bb column_margin=\u00bbdefault\u00bb column_direction=\u00bbdefault\u00bb column_direction_tablet=\u00bbdefault\u00bb column_direction_phone=\u00bbdefault\u00bb scene_position=\u00bbcenter\u00bb top_padding=\u00bb8%\u00bb constrain_group_1=\u00bbyes\u00bb bottom_padding=\u00bb8%\u00bb text_color=\u00bbdark\u00bb text_align=\u00bbleft\u00bb row_border_radius=\u00bbnone\u00bb row_border_radius_applies=\u00bbbg\u00bb overflow=\u00bbvisible\u00bb overlay_strength=\u00bb0.3&#8243; gradient_direction=\u00bbleft_to_right\u00bb shape_divider_position=\u00bbbottom\u00bb bg_image_animation=\u00bbnone\u00bb shape_type=\u00bb\u00bb][vc_column column_padding=\u00bbno-extra-padding\u00bb column_padding_tablet=\u00bbinherit\u00bb column_padding_phone=\u00bbinherit\u00bb column_padding_position=\u00bball\u00bb column_element_direction_desktop=\u00bbdefault\u00bb column_element_spacing=\u00bbdefault\u00bb desktop_text_alignment=\u00bbdefault\u00bb tablet_text_alignment=\u00bbdefault\u00bb phone_text_alignment=\u00bbdefault\u00bb background_color_opacity=\u00bb1&#8243; background_hover_color_opacity=\u00bb1&#8243; column_backdrop_filter=\u00bbnone\u00bb column_shadow=\u00bbnone\u00bb column_border_radius=\u00bbnone\u00bb column_link_target=\u00bb_self\u00bb column_position=\u00bbdefault\u00bb gradient_direction=\u00bbleft_to_right\u00bb overlay_strength=\u00bb0.3&#8243; width=\u00bb1\/1&#8243; tablet_width_inherit=\u00bbdefault\u00bb animation_type=\u00bbdefault\u00bb bg_image_animation=\u00bbnone\u00bb border_type=\u00bbsimple\u00bb column_border_width=\u00bbnone\u00bb column_border_style=\u00bbsolid\u00bb][split_line_heading animation_type=\u00bbline-reveal-by-space\u00bb font_style=\u00bbh2&#8243; line_reveal_by_space_text_effect=\u00bbdefault\u00bb content_alignment=\u00bbdefault\u00bb mobile_content_alignment=\u00bbinherit\u00bb link_target=\u00bb_self\u00bb text_content=\u00bbPide copias de la exposici\u00f3n en l\u00ednea\u00bb text_direction=\u00bbdefault\u00bb][\/split_line_heading][split_line_heading animation_type=\u00bbline-reveal-by-space\u00bb font_style=\u00bbh5&#8243; line_reveal_by_space_text_effect=\u00bbdefault\u00bb content_alignment=\u00bbdefault\u00bb mobile_content_alignment=\u00bbinherit\u00bb link_target=\u00bb_self\u00bb text_content=\u00bby recibir\u00e1s la copia en tu casa cuando finalice la exposici\u00f3n, a partir del 31 de mayo de 2024.\u00bb text_direction=\u00bbdefault\u00bb][\/split_line_heading][nectar_woo_products product_type=\u00bball\u00bb category=\u00bbphoto-exposition\u00bb columns=\u00bb4&#8243; flickity_mobile_column_width=\u00bb100%\u00bb orderby=\u00bbdate\u00bb order=\u00bbDESC\u00bb carousel=\u00bb1&#8243; script=\u00bbflickity\u00bb flickity_wrap=\u00bbno-wrap\u00bb flickity_overflow=\u00bbvisible\u00bb flickity_controls=\u00bbtouch_indicator\u00bb flickity_group_cells=\u00bbdefault\u00bb flickity_image_scale_on_drag=\u00bbtrue\u00bb flickity_item_animation=\u00bbfade-in-side\u00bb per_page=\u00bb8&#8243;][split_line_heading animation_type=\u00bbline-reveal-by-space\u00bb font_style=\u00bbp\u00bb line_reveal_by_space_text_effect=\u00bbdefault\u00bb content_alignment=\u00bbdefault\u00bb mobile_content_alignment=\u00bbinherit\u00bb link_target=\u00bb_self\u00bb text_content=\u00bblas fotos de la exposici\u00f3n son piezas \u00fanicas que se venden a un precio preferente, \u00a1as\u00ed que no te demores demasiado!\u00bb text_direction=\u00bbdefault\u00bb][\/split_line_heading][nectar_btn size=\u00bbjumbo\u00bb button_style=\u00bbregular-tilt\u00bb button_color=\u00bbAccent-Color\u00bb icon_family=\u00bbnone\u00bb text=\u00bbVER TODAS LAS FOTOS\u00bb url=\u00bbhttps:\/\/nicolashodee.com\/categorie-produit\/photo-exposition\/\u00bb][\/vc_column][\/vc_row]\n","protected":false},"excerpt":{"rendered":"<p>[vc_row type=\u00bbfull_width_background\u00bb full_screen_row_position=\u00bbmiddle\u00bb column_margin=\u00bbdefault\u00bb column_direction=\u00bbdefault\u00bb column_direction_tablet=\u00bbdefault\u00bb column_direction_phone=\u00bbdefault\u00bb bg_image=\u00bb9923&#8243; bg_position=\u00bbcenter center\u00bb background_image_loading=\u00bbdefault\u00bb bg_repeat=\u00bbno-repeat\u00bb scene_position=\u00bbcenter\u00bb top_padding=\u00bb13%\u00bb constrain_group_1=\u00bbyes\u00bb bottom_padding=\u00bb13%\u00bb text_color=\u00bblight\u00bb text_align=\u00bbleft\u00bb row_border_radius=\u00bbnone\u00bb row_border_radius_applies=\u00bbbg\u00bb overflow=\u00bbvisible\u00bb color_overlay=\u00bb#0a0a0a\u00bb overlay_strength=\u00bb0.3&#8243; gradient_direction=\u00bbleft_to_right\u00bb shape_divider_position=\u00bbbottom\u00bb bg_image_animation=\u00bbnone\u00bb parallax_bg=\u00bbtrue\u00bb parallax_bg_speed=\u00bbfast\u00bb shape_type=\u00bb\u00bb gradient_type=\u00bbdefault\u00bb][vc_column&#8230;<\/p>\n","protected":false},"author":1,"featured_media":0,"parent":0,"menu_order":0,"comment_status":"closed","ping_status":"closed","template":"","meta":{"slim_seo":{"facebook_image":"https:\/\/nicolashodee.com\/wp-content\/uploads\/2024\/03\/vignette-web.jpg","twitter_image":"https:\/\/nicolashodee.com\/wp-content\/uploads\/2024\/03\/vignette-web.jpg","title":"Itinerancia en el Vercors - la exposici\u00f3n - nicolashodee.com","description":"[vc_row type=\"full_width_background\" full_screen_row_position=\"middle\" column_margin=\"default\" column_direction=\"default\" column_direction_tablet=\"default\" colu"},"iawp_total_views":7,"footnotes":""},"class_list":["post-14186","page","type-page","status-publish"],"_links":{"self":[{"href":"https:\/\/nicolashodee.com\/es\/wp-json\/wp\/v2\/pages\/14186","targetHints":{"allow":["GET"]}}],"collection":[{"href":"https:\/\/nicolashodee.com\/es\/wp-json\/wp\/v2\/pages"}],"about":[{"href":"https:\/\/nicolashodee.com\/es\/wp-json\/wp\/v2\/types\/page"}],"author":[{"embeddable":true,"href":"https:\/\/nicolashodee.com\/es\/wp-json\/wp\/v2\/users\/1"}],"replies":[{"embeddable":true,"href":"https:\/\/nicolashodee.com\/es\/wp-json\/wp\/v2\/comments?post=14186"}],"version-history":[{"count":2,"href":"https:\/\/nicolashodee.com\/es\/wp-json\/wp\/v2\/pages\/14186\/revisions"}],"predecessor-version":[{"id":14190,"href":"https:\/\/nicolashodee.com\/es\/wp-json\/wp\/v2\/pages\/14186\/revisions\/14190"}],"wp:attachment":[{"href":"https:\/\/nicolashodee.com\/es\/wp-json\/wp\/v2\/media?parent=14186"}],"curies":[{"name":"wp","href":"https:\/\/api.w.org\/{rel}","templated":true}]}}